{"id":104497,"date":"2025-09-18T17:42:08","date_gmt":"2025-09-18T15:42:08","guid":{"rendered":"https:\/\/visit-rt.de\/?page_id=104497"},"modified":"2026-03-17T17:22:26","modified_gmt":"2026-03-17T16:22:26","slug":"beitraege","status":"publish","type":"page","link":"https:\/\/visitreutlingen.de\/fr\/beitraege\/","title":{"rendered":"Beitr\u00e4ge"},"content":{"rendered":"\t\t<div data-elementor-type=\"wp-page\" data-elementor-id=\"104497\" class=\"elementor elementor-104497\" data-elementor-post-type=\"page\">\n\t\t\t\t<div class=\"elementor-element elementor-element-4d49ac52 e-con-full e-flex e-con e-parent\" data-id=\"4d49ac52\" data-element_type=\"container\" data-e-type=\"container\">\n\t\t<div class=\"elementor-element elementor-element-706fbd35 e-con-full elementor-hidden-desktop elementor-hidden-tablet e-flex e-con e-child\" data-id=\"706fbd35\" data-element_type=\"container\" data-e-type=\"container\" data-settings=\"{&quot;background_background&quot;:&quot;classic&quot;,&quot;animation&quot;:&quot;none&quot;}\">\n\t\t<div class=\"elementor-element elementor-element-2d668b1b e-con-full animated-fast e-flex e-con e-child\" data-id=\"2d668b1b\" data-element_type=\"container\" data-e-type=\"container\" data-settings=\"{&quot;background_background&quot;:&quot;classic&quot;,&quot;animation&quot;:&quot;none&quot;}\">\n\t\t\t\t<div class=\"elementor-element elementor-element-5b059c04 elementor-widget elementor-widget-image\" data-id=\"5b059c04\" data-element_type=\"widget\" data-e-type=\"widget\" data-widget_type=\"image.default\">\n\t\t\t\t<div class=\"elementor-widget-container\">\n\t\t\t\t\t\t\t\t\t\t\t\t\t\t\t<img fetchpriority=\"high\" decoding=\"async\" width=\"1024\" height=\"1024\" src=\"https:\/\/visitreutlingen.de\/wp-content\/uploads\/2025\/09\/Reutlingen_Illu_Fotografin.png\" class=\"attachment-full size-full wp-image-107169\" alt=\"Reutlingen entdecken\" srcset=\"https:\/\/visitreutlingen.de\/wp-content\/uploads\/2025\/09\/Reutlingen_Illu_Fotografin.png 1024w, https:\/\/visitreutlingen.de\/wp-content\/uploads\/2025\/09\/Reutlingen_Illu_Fotografin-300x300.png 300w, https:\/\/visitreutlingen.de\/wp-content\/uploads\/2025\/09\/Reutlingen_Illu_Fotografin-150x150.png 150w, https:\/\/visitreutlingen.de\/wp-content\/uploads\/2025\/09\/Reutlingen_Illu_Fotografin-768x768.png 768w\" sizes=\"(max-width: 1024px) 100vw, 1024px\" title=\"Reutlingen. Kannst du nur lieben.\">\t\t\t\t\t\t\t\t\t\t\t\t\t\t\t<\/div>\n\t\t\t\t<\/div>\n\t\t\t\t<div class=\"elementor-element elementor-element-5a15735c elementor-widget elementor-widget-heading\" data-id=\"5a15735c\" data-element_type=\"widget\" data-e-type=\"widget\" data-widget_type=\"heading.default\">\n\t\t\t\t<div class=\"elementor-widget-container\">\n\t\t\t\t\t<h1 class=\"elementor-heading-title elementor-size-default\">Beitr\u00e4ge<\/h1>\t\t\t\t<\/div>\n\t\t\t\t<\/div>\n\t\t\t\t<div class=\"elementor-element elementor-element-54e52360 elementor-widget elementor-widget-heading\" data-id=\"54e52360\" data-element_type=\"widget\" data-e-type=\"widget\" data-widget_type=\"heading.default\">\n\t\t\t\t<div class=\"elementor-widget-container\">\n\t\t\t\t\t<h3 class=\"elementor-heading-title elementor-size-default\">Reutlingen hat so viel zu bieten!<\/h3>\t\t\t\t<\/div>\n\t\t\t\t<\/div>\n\t\t\t\t<div class=\"elementor-element elementor-element-4e73cb23 elementor-widget elementor-widget-text-editor\" data-id=\"4e73cb23\" data-element_type=\"widget\" data-e-type=\"widget\" data-widget_type=\"text-editor.default\">\n\t\t\t\t<div class=\"elementor-widget-container\">\n\t\t\t\t\t\t\t\t\t<p>Moderne Gro\u00dfstadt, lebendige Einkaufsstadt, mittelalterliche Reichsstadt. So viel Stadt hat viel zu bieten: eine der sch\u00f6nsten gotischen Kirchen im L\u00e4ndle oder die engste Stra\u00dfe der Welt, um nur zwei Highlights zu nennen. Wissenswertes \u00fcber Reutlingen findest du hier.<\/p>\t\t\t\t\t\t\t\t<\/div>\n\t\t\t\t<\/div>\n\t\t\t\t<\/div>\n\t\t\t\t<\/div>\n\t\t<div class=\"elementor-element elementor-element-138b15ec e-con-full elementor-hidden-mobile e-flex elementor-invisible e-con e-child\" data-id=\"138b15ec\" data-element_type=\"container\" data-e-type=\"container\" data-settings=\"{&quot;background_background&quot;:&quot;classic&quot;,&quot;animation&quot;:&quot;fadeIn&quot;}\">\n\t\t<div class=\"elementor-element elementor-element-6c2ef697 e-flex e-con-boxed e-con e-child\" data-id=\"6c2ef697\" data-element_type=\"container\" data-e-type=\"container\">\n\t\t\t\t\t<div class=\"e-con-inner\">\n\t\t<div class=\"elementor-element elementor-element-3d828c0c e-con-full animated-fast e-flex elementor-invisible e-con e-child\" data-id=\"3d828c0c\" data-element_type=\"container\" data-e-type=\"container\" data-settings=\"{&quot;background_background&quot;:&quot;classic&quot;,&quot;animation&quot;:&quot;fadeInDown&quot;,&quot;animation_mobile&quot;:&quot;none&quot;}\">\n\t\t<div class=\"elementor-element elementor-element-4f2d4efb e-con-full e-flex e-con e-child\" data-id=\"4f2d4efb\" data-element_type=\"container\" data-e-type=\"container\">\n\t\t\t\t<div class=\"elementor-element elementor-element-777ff3b9 elementor-widget elementor-widget-heading\" data-id=\"777ff3b9\" data-element_type=\"widget\" data-e-type=\"widget\" data-widget_type=\"heading.default\">\n\t\t\t\t<div class=\"elementor-widget-container\">\n\t\t\t\t\t<h1 class=\"elementor-heading-title elementor-size-default\">Beitr\u00e4ge<\/h1>\t\t\t\t<\/div>\n\t\t\t\t<\/div>\n\t\t\t\t<div class=\"elementor-element elementor-element-6035cb2b elementor-widget elementor-widget-heading\" data-id=\"6035cb2b\" data-element_type=\"widget\" data-e-type=\"widget\" data-widget_type=\"heading.default\">\n\t\t\t\t<div class=\"elementor-widget-container\">\n\t\t\t\t\t<h3 class=\"elementor-heading-title elementor-size-default\">Reutlingen hat so viel zu bieten!<\/h3>\t\t\t\t<\/div>\n\t\t\t\t<\/div>\n\t\t\t\t<div class=\"elementor-element elementor-element-b048d0e elementor-widget elementor-widget-text-editor\" data-id=\"b048d0e\" data-element_type=\"widget\" data-e-type=\"widget\" data-widget_type=\"text-editor.default\">\n\t\t\t\t<div class=\"elementor-widget-container\">\n\t\t\t\t\t\t\t\t\t<p>Moderne Gro\u00dfstadt, lebendige Einkaufsstadt, mittelalterliche Reichsstadt. So viel Stadt hat viel zu bieten: eine der sch\u00f6nsten gotischen Kirchen im L\u00e4ndle oder die engste Stra\u00dfe der Welt, um nur zwei Highlights zu nennen. Wissenswertes \u00fcber Reutlingen findest du hier.<\/p>\t\t\t\t\t\t\t\t<\/div>\n\t\t\t\t<\/div>\n\t\t\t\t<\/div>\n\t\t<div class=\"elementor-element elementor-element-16576131 e-con-full e-flex e-con e-child\" data-id=\"16576131\" data-element_type=\"container\" data-e-type=\"container\">\n\t\t\t\t<div class=\"elementor-element elementor-element-3497ab6d elementor-widget elementor-widget-image\" data-id=\"3497ab6d\" data-element_type=\"widget\" data-e-type=\"widget\" data-widget_type=\"image.default\">\n\t\t\t\t<div class=\"elementor-widget-container\">\n\t\t\t\t\t\t\t\t\t\t\t\t\t\t\t<img decoding=\"async\" src=\"https:\/\/visitreutlingen.de\/wp-content\/uploads\/2025\/09\/Reutlingen_Illu_Fotografin.png\" title=\"Reutlingen_Illu_Fotografin\" alt=\"Reutlingen_Illu_Fotografin\" loading=\"lazy\" \/>\t\t\t\t\t\t\t\t\t\t\t\t\t\t\t<\/div>\n\t\t\t\t<\/div>\n\t\t\t\t<\/div>\n\t\t\t\t<\/div>\n\t\t\t\t\t<\/div>\n\t\t\t\t<\/div>\n\t\t\t\t<\/div>\n\t\t\t\t<\/div>\n\t\t<div class=\"elementor-element elementor-element-5954ac84 e-flex e-con-boxed e-con e-parent\" data-id=\"5954ac84\" data-element_type=\"container\" data-e-type=\"container\">\n\t\t\t\t\t<div class=\"e-con-inner\">\n\t\t\t\t<div class=\"elementor-element elementor-element-5f84b5b9 elementor-widget elementor-widget-spacer\" data-id=\"5f84b5b9\" data-element_type=\"widget\" data-e-type=\"widget\" data-widget_type=\"spacer.default\">\n\t\t\t\t<div class=\"elementor-widget-container\">\n\t\t\t\t\t\t\t<div class=\"elementor-spacer\">\n\t\t\t<div class=\"elementor-spacer-inner\"><\/div>\n\t\t<\/div>\n\t\t\t\t\t\t<\/div>\n\t\t\t\t<\/div>\n\t\t\t\t\t<\/div>\n\t\t\t\t<\/div>\n\t\t<div class=\"elementor-element elementor-element-63cf6ce7 animated-fast e-flex e-con-boxed elementor-invisible e-con e-parent\" data-id=\"63cf6ce7\" data-element_type=\"container\" data-e-type=\"container\" data-settings=\"{&quot;animation&quot;:&quot;fadeInUp&quot;}\">\n\t\t\t\t\t<div class=\"e-con-inner\">\n\t\t<div class=\"elementor-element elementor-element-4705abe e-con-full e-flex e-con e-child\" data-id=\"4705abe\" data-element_type=\"container\" data-e-type=\"container\">\n\t\t\t\t<div class=\"elementor-element elementor-element-63c0c06f elementor-widget elementor-widget-heading\" data-id=\"63c0c06f\" data-element_type=\"widget\" data-e-type=\"widget\" data-widget_type=\"heading.default\">\n\t\t\t\t<div class=\"elementor-widget-container\">\n\t\t\t\t\t<h2 class=\"elementor-heading-title elementor-size-default\">News &amp; Stories<\/h2>\t\t\t\t<\/div>\n\t\t\t\t<\/div>\n\t\t\t\t<\/div>\n\t\t\t\t\t<\/div>\n\t\t\t\t<\/div>\n\t\t<div class=\"elementor-element elementor-element-b965355 e-flex e-con-boxed e-con e-parent\" data-id=\"b965355\" data-element_type=\"container\" data-e-type=\"container\">\n\t\t\t\t\t<div class=\"e-con-inner\">\n\t\t\t\t<div class=\"elementor-element elementor-element-11e3d56 elementor-widget elementor-widget-spacer\" data-id=\"11e3d56\" data-element_type=\"widget\" data-e-type=\"widget\" data-widget_type=\"spacer.default\">\n\t\t\t\t<div class=\"elementor-widget-container\">\n\t\t\t\t\t\t\t<div class=\"elementor-spacer\">\n\t\t\t<div class=\"elementor-spacer-inner\"><\/div>\n\t\t<\/div>\n\t\t\t\t\t\t<\/div>\n\t\t\t\t<\/div>\n\t\t\t\t\t<\/div>\n\t\t\t\t<\/div>\n\t\t<div class=\"elementor-element elementor-element-303c850 animated-fast e-flex e-con-boxed elementor-invisible e-con e-parent\" data-id=\"303c850\" data-element_type=\"container\" data-e-type=\"container\" data-settings=\"{&quot;animation&quot;:&quot;fadeInUp&quot;}\">\n\t\t\t\t\t<div class=\"e-con-inner\">\n\t\t\t\t<div class=\"elementor-element elementor-element-5360685 elementor-widget elementor-widget-shortcode\" data-id=\"5360685\" data-element_type=\"widget\" data-e-type=\"widget\" data-widget_type=\"shortcode.default\">\n\t\t\t\t<div class=\"elementor-widget-container\">\n\t\t\t\t\t\t\t<div class=\"elementor-shortcode\">    <section class=\"mpm-beitraege\" aria-label=\"Blogbeitr\u00e4ge\">\r\n        <div id=\"mpm-beitraege-results-anchor\"><\/div>\r\n\r\n                    <form id=\"mpm-beitraege-form\" method=\"get\" action=\"#mpm-beitraege-results-anchor\">\r\n                <div class=\"mpm-beitraege-grid\">\r\n                    <div class=\"mpm-beitraege-left\">\r\n                        <fieldset>\r\n                            <legend>Filter<\/legend>\r\n                            <div class=\"mpm-filter-row\">\r\n                                <label for=\"mpm-suche\">Suche<\/label>\r\n                                <input type=\"text\" id=\"mpm-suche\" name=\"search\"\r\n                                       value=\"\"\r\n                                       placeholder=\"Beitr\u00e4ge durchsuchen\u2026\" \/>\r\n                            <\/div>\r\n                            <div class=\"mpm-filter-row\">\r\n                                <label for=\"mpm-monat\">Monat<\/label>\r\n                                <select id=\"mpm-monat\" name=\"month\">\r\n                                    <option value=\"\">Alle Monate<\/option>\r\n                                    <option value=\"2026-04\">April 2026<\/option><option value=\"2026-03\">M\u00e4rz 2026<\/option><option value=\"2026-02\">Februar 2026<\/option><option value=\"2026-01\">Januar 2026<\/option><option value=\"2025-10\">Oktober 2025<\/option><option value=\"2025-09\">September 2025<\/option><option value=\"2025-08\">August 2025<\/option>                                <\/select>\r\n                            <\/div>\r\n                            <div class=\"mpm-filter-row\">\r\n                                <label for=\"mpm-sort\">Sortierung<\/label>\r\n                                <select id=\"mpm-sort\" name=\"sort\">\r\n                                    <option value=\"date_desc\"  selected='selected'>Neueste zuerst<\/option>\r\n                                    <option value=\"date_asc\" >\u00c4lteste zuerst<\/option>\r\n                                    <option value=\"rand\" >Zuf\u00e4llig<\/option>\r\n                                <\/select>\r\n                            <\/div>\r\n                        <\/fieldset>\r\n                    <\/div>\r\n\r\n                    <div class=\"mpm-beitraege-right\">\r\n                        <fieldset>\r\n                            <legend>Kategorien<\/legend>\r\n                            <div class=\"mpm-beitraege-cats\">\r\n                                <label data-depth=\"0\"><input type=\"checkbox\" name=\"cats[]\" value=\"allgemein\" >&nbsp;Allgemein<\/label><br><label data-depth=\"0\"><input type=\"checkbox\" name=\"cats[]\" value=\"beitrag\" >&nbsp;Beitrag<\/label><br><label data-depth=\"1\">&nbsp;&nbsp;&nbsp;&nbsp;&nbsp;<input type=\"checkbox\" name=\"cats[]\" value=\"attraktive-lage\" >&nbsp;Attraktive Lage &amp; Natur<\/label><br><label data-depth=\"1\">&nbsp;&nbsp;&nbsp;&nbsp;&nbsp;<input type=\"checkbox\" name=\"cats[]\" value=\"biosphaere\" >&nbsp;Biosph\u00e4re<\/label><br><label data-depth=\"1\">&nbsp;&nbsp;&nbsp;&nbsp;&nbsp;<input type=\"checkbox\" name=\"cats[]\" value=\"innenstadt\" >&nbsp;Erlebnis Innenstadt<\/label><br><label data-depth=\"1\">&nbsp;&nbsp;&nbsp;&nbsp;&nbsp;<input type=\"checkbox\" name=\"cats[]\" value=\"event-aktion\" >&nbsp;Event &amp; Aktion<\/label><br><label data-depth=\"1\">&nbsp;&nbsp;&nbsp;&nbsp;&nbsp;<input type=\"checkbox\" name=\"cats[]\" value=\"kunst-kultur-geschichte\" >&nbsp;Kunst, Kultur &amp; Geschichte<\/label><br><label data-depth=\"1\">&nbsp;&nbsp;&nbsp;&nbsp;&nbsp;<input type=\"checkbox\" name=\"cats[]\" value=\"wirtschaft\" >&nbsp;Starke Wirtschaft<\/label><br>                            <\/div>\r\n                        <\/fieldset>\r\n                    <\/div>\r\n                <\/div>\r\n\r\n                <div class=\"mpm-reset-wrap\">\r\n                    <button type=\"submit\" id=\"mpm-apply\">Filter anwenden<\/button>\r\n                                    <\/div>\r\n            <\/form>\r\n        \r\n        \r\n        <output id=\"mpm-beitraege-count\" role=\"status\" aria-live=\"polite\">\r\n            20 Beitr\u00e4ge gefunden        <\/output>\r\n\r\n        <div id=\"mpm-beitraege-results\" class=\"mpm-beitraege-list\">\r\n                                <article class=\"mpm-beitraege-item post-113090 post type-post status-publish format-standard has-post-thumbnail hentry category-allgemein category-attraktive-lage category-beitrag category-event-aktion category-topnews tag-oberbuergermeister tag-reutlingen tag-rossberg tag-wandern tag-wanderung\">\r\n                        <div class=\"mpm-beitraege-row\">\r\n                            <div class=\"mpm-beitraege-thumb\">\r\n                                <a href=\"https:\/\/visitreutlingen.de\/fr\/allgemein\/walk-talk-reutlinger-wege\/\">\r\n                                    <img decoding=\"async\" width=\"300\" height=\"200\" src=\"https:\/\/visitreutlingen.de\/wp-content\/uploads\/2026\/04\/Wanderlingen_scope-21-300x200.jpg\" class=\"mpm-thumb wp-post-image\" alt=\"Walk &#038; Talk &#8211; Reutlinger Wege die verbinden\" srcset=\"https:\/\/visitreutlingen.de\/wp-content\/uploads\/2026\/04\/Wanderlingen_scope-21-300x200.jpg 300w, https:\/\/visitreutlingen.de\/wp-content\/uploads\/2026\/04\/Wanderlingen_scope-21-1024x683.jpg 1024w, https:\/\/visitreutlingen.de\/wp-content\/uploads\/2026\/04\/Wanderlingen_scope-21-768x512.jpg 768w, https:\/\/visitreutlingen.de\/wp-content\/uploads\/2026\/04\/Wanderlingen_scope-21-1536x1024.jpg 1536w, https:\/\/visitreutlingen.de\/wp-content\/uploads\/2026\/04\/Wanderlingen_scope-21-2048x1365.jpg 2048w\" sizes=\"(max-width: 300px) 100vw, 300px\" title=\"Reutlingen. Kannst du nur lieben.\">                                <\/a>\r\n                            <\/div>\r\n                            <div class=\"mpm-beitraege-content\">\r\n                                <h2>Walk &#038; Talk &#8211; Reutlinger Wege die verbinden<\/h2>\r\n                                <div class=\"meta\">\r\n  \t\t\t\t\t\t\t\t  <time datetime=\"2026-04-29T12:13:37+02:00\">29. April 2026<\/time>\r\n   \t\t\t\t\t\t\t\t  <!-- \u00b7 Lisa Abele -->\r\n\t\t\t\t\t\t\t\t<\/div>\r\n                                <div class=\"meta\">\r\n                                    <a href=\"?cats[]=allgemein#mpm-beitraege-results-anchor\">Allgemein<\/a>, <a href=\"?cats[]=attraktive-lage#mpm-beitraege-results-anchor\">Attraktive Lage &amp; Natur<\/a>, <a href=\"?cats[]=beitrag#mpm-beitraege-results-anchor\">Beitrag<\/a>, <a href=\"?cats[]=event-aktion#mpm-beitraege-results-anchor\">Event &amp; Aktion<\/a>, <a href=\"?cats[]=topnews#mpm-beitraege-results-anchor\">Topnews<\/a>                                <\/div>\r\n                                <p>Wandern mit dem OB: Am 15. Mai geht es bei \u201eWalk &amp; Talk\u201c gemeinsam mit Thomas Keck hoch hinaus auf den Ro\u00dfberg. Wir starten um&hellip;<\/p>\r\n                                <p><button type=\"button\" class=\"mpm-button\" onclick=\"window.location.href='https:\/\/visitreutlingen.de\/fr\/allgemein\/walk-talk-reutlinger-wege\/'\">Mehr erfahren<\/button><\/p>\r\n                            <\/div>\r\n                        <\/div>\r\n                    <\/article>\r\n                                    <article class=\"mpm-beitraege-item post-113023 post type-post status-publish format-standard has-post-thumbnail hentry category-innenstadt category-event-aktion tag-event tag-fruehling tag-reutlingen tag-verkaufsoffener-sonntag\">\r\n                        <div class=\"mpm-beitraege-row\">\r\n                            <div class=\"mpm-beitraege-thumb\">\r\n                                <a href=\"https:\/\/visitreutlingen.de\/fr\/beitrag\/innenstadt\/verkaufsoffener-sonntag-fruehling-2026\/\">\r\n                                    <img decoding=\"async\" width=\"300\" height=\"200\" src=\"https:\/\/visitreutlingen.de\/wp-content\/uploads\/2026\/03\/240414_DDP__5671-300x200.jpg\" class=\"mpm-thumb wp-post-image\" alt=\"Verkaufsoffener Sonntag &#8222;Fit in den Fr\u00fchling&#8220; 2026\" srcset=\"https:\/\/visitreutlingen.de\/wp-content\/uploads\/2026\/03\/240414_DDP__5671-300x200.jpg 300w, https:\/\/visitreutlingen.de\/wp-content\/uploads\/2026\/03\/240414_DDP__5671-1024x683.jpg 1024w, https:\/\/visitreutlingen.de\/wp-content\/uploads\/2026\/03\/240414_DDP__5671-768x512.jpg 768w, https:\/\/visitreutlingen.de\/wp-content\/uploads\/2026\/03\/240414_DDP__5671-1536x1024.jpg 1536w, https:\/\/visitreutlingen.de\/wp-content\/uploads\/2026\/03\/240414_DDP__5671-2048x1365.jpg 2048w\" sizes=\"(max-width: 300px) 100vw, 300px\" title=\"Reutlingen. Kannst du nur lieben.\">                                <\/a>\r\n                            <\/div>\r\n                            <div class=\"mpm-beitraege-content\">\r\n                                <h2>Verkaufsoffener Sonntag &#8222;Fit in den Fr\u00fchling&#8220; 2026<\/h2>\r\n                                <div class=\"meta\">\r\n  \t\t\t\t\t\t\t\t  <time datetime=\"2026-03-25T09:51:47+01:00\">25. M\u00e4rz 2026<\/time>\r\n   \t\t\t\t\t\t\t\t  <!-- \u00b7 Lisa Abele -->\r\n\t\t\t\t\t\t\t\t<\/div>\r\n                                <div class=\"meta\">\r\n                                    <a href=\"?cats[]=innenstadt#mpm-beitraege-results-anchor\">Erlebnis Innenstadt<\/a>, <a href=\"?cats[]=event-aktion#mpm-beitraege-results-anchor\">Event &amp; Aktion<\/a>                                <\/div>\r\n                                <p>Am 19. April begr\u00fc\u00dft die Reutlinger Innenstadt den Fr\u00fchling mit dem verkaufsoffenen Sonntag &quot;Fit in den Fr\u00fchling&quot;. Von 12:00 bis 18:00 Uhr erwartet dich ein&hellip;<\/p>\r\n                                <p><button type=\"button\" class=\"mpm-button\" onclick=\"window.location.href='https:\/\/visitreutlingen.de\/fr\/beitrag\/innenstadt\/verkaufsoffener-sonntag-fruehling-2026\/'\">Mehr erfahren<\/button><\/p>\r\n                            <\/div>\r\n                        <\/div>\r\n                    <\/article>\r\n                                    <article class=\"mpm-beitraege-item post-112813 post type-post status-publish format-standard has-post-thumbnail hentry category-innenstadt category-event-aktion category-topnews tag-aktionen tag-fruehling tag-gardenlife tag-reutlingen\">\r\n                        <div class=\"mpm-beitraege-row\">\r\n                            <div class=\"mpm-beitraege-thumb\">\r\n                                <a href=\"https:\/\/visitreutlingen.de\/fr\/beitrag\/innenstadt\/reutlingen-blueht-auf\/\">\r\n                                    <img loading=\"lazy\" decoding=\"async\" width=\"300\" height=\"200\" src=\"https:\/\/visitreutlingen.de\/wp-content\/uploads\/2026\/03\/Rt_blueht_auf-300x200.jpg\" class=\"mpm-thumb wp-post-image\" alt=\"Reutlingen bl\u00fcht auf\" srcset=\"https:\/\/visitreutlingen.de\/wp-content\/uploads\/2026\/03\/Rt_blueht_auf-300x200.jpg 300w, https:\/\/visitreutlingen.de\/wp-content\/uploads\/2026\/03\/Rt_blueht_auf-1024x682.jpg 1024w, https:\/\/visitreutlingen.de\/wp-content\/uploads\/2026\/03\/Rt_blueht_auf-768x512.jpg 768w, https:\/\/visitreutlingen.de\/wp-content\/uploads\/2026\/03\/Rt_blueht_auf-1536x1024.jpg 1536w, https:\/\/visitreutlingen.de\/wp-content\/uploads\/2026\/03\/Rt_blueht_auf.jpg 2000w\" sizes=\"(max-width: 300px) 100vw, 300px\" title=\"Reutlingen. Kannst du nur lieben.\">                                <\/a>\r\n                            <\/div>\r\n                            <div class=\"mpm-beitraege-content\">\r\n                                <h2>Reutlingen bl\u00fcht auf<\/h2>\r\n                                <div class=\"meta\">\r\n  \t\t\t\t\t\t\t\t  <time datetime=\"2026-03-11T13:20:55+01:00\">11. M\u00e4rz 2026<\/time>\r\n   \t\t\t\t\t\t\t\t  <!-- \u00b7 Lisa Abele -->\r\n\t\t\t\t\t\t\t\t<\/div>\r\n                                <div class=\"meta\">\r\n                                    <a href=\"?cats[]=innenstadt#mpm-beitraege-results-anchor\">Erlebnis Innenstadt<\/a>, <a href=\"?cats[]=event-aktion#mpm-beitraege-results-anchor\">Event &amp; Aktion<\/a>, <a href=\"?cats[]=topnews#mpm-beitraege-results-anchor\">Topnews<\/a>                                <\/div>\r\n                                <p>Vom 13. bis 17. Mai putzt sich Reutlingen n\u00e4mlich so richtig heraus.\u00a0Freue dich auf kreative Veranstaltungen, fr\u00fchlingshafte Aktionen und kulinarische Highlights in der Innenstadt.<\/p>\r\n                                <p><button type=\"button\" class=\"mpm-button\" onclick=\"window.location.href='https:\/\/visitreutlingen.de\/fr\/beitrag\/innenstadt\/reutlingen-blueht-auf\/'\">Mehr erfahren<\/button><\/p>\r\n                            <\/div>\r\n                        <\/div>\r\n                    <\/article>\r\n                                    <article class=\"mpm-beitraege-item post-112767 post type-post status-publish format-standard has-post-thumbnail hentry category-innenstadt category-attraktive-lage category-topnews tag-erlebnis tag-fruehling tag-innenstadt tag-natur tag-park tag-reutlingen tag-sehenswuerdigkeiten tag-tipps\">\r\n                        <div class=\"mpm-beitraege-row\">\r\n                            <div class=\"mpm-beitraege-thumb\">\r\n                                <a href=\"https:\/\/visitreutlingen.de\/fr\/beitrag\/innenstadt\/tipps-fuer-dein-fruehling-in-reutlingen\/\">\r\n                                    <img loading=\"lazy\" decoding=\"async\" width=\"300\" height=\"200\" src=\"https:\/\/visitreutlingen.de\/wp-content\/uploads\/2026\/03\/IMG_0024-300x200.jpg\" class=\"mpm-thumb wp-post-image\" alt=\"Vier Tipps f\u00fcr deinen Fr\u00fchling in Reutlingen\" srcset=\"https:\/\/visitreutlingen.de\/wp-content\/uploads\/2026\/03\/IMG_0024-300x200.jpg 300w, https:\/\/visitreutlingen.de\/wp-content\/uploads\/2026\/03\/IMG_0024-1024x683.jpg 1024w, https:\/\/visitreutlingen.de\/wp-content\/uploads\/2026\/03\/IMG_0024-768x512.jpg 768w, https:\/\/visitreutlingen.de\/wp-content\/uploads\/2026\/03\/IMG_0024-1536x1024.jpg 1536w, https:\/\/visitreutlingen.de\/wp-content\/uploads\/2026\/03\/IMG_0024-2048x1366.jpg 2048w\" sizes=\"(max-width: 300px) 100vw, 300px\" title=\"Reutlingen. Kannst du nur lieben.\">                                <\/a>\r\n                            <\/div>\r\n                            <div class=\"mpm-beitraege-content\">\r\n                                <h2>Vier Tipps f\u00fcr deinen Fr\u00fchling in Reutlingen<\/h2>\r\n                                <div class=\"meta\">\r\n  \t\t\t\t\t\t\t\t  <time datetime=\"2026-03-03T16:45:28+01:00\">3. M\u00e4rz 2026<\/time>\r\n   \t\t\t\t\t\t\t\t  <!-- \u00b7 Anna-Lena Trebuss -->\r\n\t\t\t\t\t\t\t\t<\/div>\r\n                                <div class=\"meta\">\r\n                                    <a href=\"?cats[]=innenstadt#mpm-beitraege-results-anchor\">Erlebnis Innenstadt<\/a>, <a href=\"?cats[]=attraktive-lage#mpm-beitraege-results-anchor\">Attraktive Lage &amp; Natur<\/a>, <a href=\"?cats[]=topnews#mpm-beitraege-results-anchor\">Topnews<\/a>                                <\/div>\r\n                                <p>Der Fr\u00fchling ist da: Die B\u00e4ume bl\u00fchen, die V\u00f6gel zwitschern wieder und die ersten Sonnenstrahlen lassen gr\u00fc\u00dfen. Wo l\u00e4sst sich das Fr\u00fchlingserwachen besser genie\u00dfen als&hellip;<\/p>\r\n                                <p><button type=\"button\" class=\"mpm-button\" onclick=\"window.location.href='https:\/\/visitreutlingen.de\/fr\/beitrag\/innenstadt\/tipps-fuer-dein-fruehling-in-reutlingen\/'\">Mehr erfahren<\/button><\/p>\r\n                            <\/div>\r\n                        <\/div>\r\n                    <\/article>\r\n                                    <article class=\"mpm-beitraege-item post-112652 post type-post status-publish format-standard has-post-thumbnail hentry category-innenstadt category-event-aktion tag-fruehling tag-innenstadt tag-osterhase tag-ostern tag-osternest tag-reutlingen\">\r\n                        <div class=\"mpm-beitraege-row\">\r\n                            <div class=\"mpm-beitraege-thumb\">\r\n                                <a href=\"https:\/\/visitreutlingen.de\/fr\/beitrag\/innenstadt\/osternestsuche-in-reutlingen\/\">\r\n                                    <img loading=\"lazy\" decoding=\"async\" width=\"300\" height=\"200\" src=\"https:\/\/visitreutlingen.de\/wp-content\/uploads\/2026\/02\/Reutlingen_Schaufenster__Osternestsuche-300x200.png\" class=\"mpm-thumb wp-post-image\" alt=\"Osternestsuche in der Reutlinger Innenstadt\" srcset=\"https:\/\/visitreutlingen.de\/wp-content\/uploads\/2026\/02\/Reutlingen_Schaufenster__Osternestsuche-300x200.png 300w, https:\/\/visitreutlingen.de\/wp-content\/uploads\/2026\/02\/Reutlingen_Schaufenster__Osternestsuche-1024x683.png 1024w, https:\/\/visitreutlingen.de\/wp-content\/uploads\/2026\/02\/Reutlingen_Schaufenster__Osternestsuche-768x512.png 768w, https:\/\/visitreutlingen.de\/wp-content\/uploads\/2026\/02\/Reutlingen_Schaufenster__Osternestsuche.png 1536w\" sizes=\"(max-width: 300px) 100vw, 300px\" title=\"Reutlingen. Kannst du nur lieben.\">                                <\/a>\r\n                            <\/div>\r\n                            <div class=\"mpm-beitraege-content\">\r\n                                <h2>Osternestsuche in der Reutlinger Innenstadt<\/h2>\r\n                                <div class=\"meta\">\r\n  \t\t\t\t\t\t\t\t  <time datetime=\"2026-02-18T14:41:38+01:00\">18. Februar 2026<\/time>\r\n   \t\t\t\t\t\t\t\t  <!-- \u00b7 Lisa Abele -->\r\n\t\t\t\t\t\t\t\t<\/div>\r\n                                <div class=\"meta\">\r\n                                    <a href=\"?cats[]=innenstadt#mpm-beitraege-results-anchor\">Erlebnis Innenstadt<\/a>, <a href=\"?cats[]=event-aktion#mpm-beitraege-results-anchor\">Event &amp; Aktion<\/a>                                <\/div>\r\n                                <p>Der Osterhase kommt nach Reutlingen und verwandelt die Innenstadt zu Ostern 2026 in ein Erlebnis f\u00fcr die ganze Familie. Bei der gro\u00dfen Osternestsuche werden selbstgebastelte&hellip;<\/p>\r\n                                <p><button type=\"button\" class=\"mpm-button\" onclick=\"window.location.href='https:\/\/visitreutlingen.de\/fr\/beitrag\/innenstadt\/osternestsuche-in-reutlingen\/'\">Mehr erfahren<\/button><\/p>\r\n                            <\/div>\r\n                        <\/div>\r\n                    <\/article>\r\n                        <\/div>\r\n\r\n        <div class=\"mpm-beitraege-loadmore-wrap\">\r\n            <span aria-current=\"page\" class=\"page-numbers current\">1<\/span>\n<a class=\"page-numbers\" href=\"https:\/\/visitreutlingen.de\/fr\/wp-json\/wp\/v2\/pages\/104497\/?seite=2#mpm-beitraege-results-anchor\">2<\/a>\n<a class=\"page-numbers\" href=\"https:\/\/visitreutlingen.de\/fr\/wp-json\/wp\/v2\/pages\/104497\/?seite=3#mpm-beitraege-results-anchor\">3<\/a>\n<a class=\"page-numbers\" href=\"https:\/\/visitreutlingen.de\/fr\/wp-json\/wp\/v2\/pages\/104497\/?seite=4#mpm-beitraege-results-anchor\">4<\/a>\n<a class=\"next page-numbers\" href=\"https:\/\/visitreutlingen.de\/fr\/wp-json\/wp\/v2\/pages\/104497\/?seite=2#mpm-beitraege-results-anchor\">Weiter \u00bb<\/a>        <\/div>\r\n    <\/section>\r\n    \n\n<!--\n\nERKL\u00c4RUNG:\n\n\"anzahl\"\n---------------------\nAnzahl der Beitr\u00e4ge pro Seite, -1 = alle\n\n\"suche\"\n---------------------\n\"ja\" zeigt Such- und Filterleiste, \"nein\" blendet sie aus\n\n\"kategorien\"\n---------------------\nWhitelist (nur diese Kategorien + Unterkategorien anzeigen), leer = alle, mit Komma trennen\n\n\"blacklist\"\n---------------------\nBlacklist (diese Kategorien + Unterkategorien ausblenden)\nHinweis: Slugs aus \"Beitr\u00e4ge > Kategorien\" verwenden, nicht die sichtbaren Namen!\n\n--><\/div>\n\t\t\t\t\t\t<\/div>\n\t\t\t\t<\/div>\n\t\t\t\t\t<\/div>\n\t\t\t\t<\/div>\n\t\t\t\t<\/div>\n\t\t","protected":false},"excerpt":{"rendered":"<p>Beitr\u00e4ge Reutlingen hat so viel zu bieten! Moderne Gro\u00dfstadt, lebendige Einkaufsstadt, mittelalterliche Reichsstadt. So viel Stadt hat viel zu bieten: eine der sch\u00f6nsten gotischen Kirchen im L\u00e4ndle oder die engste Stra\u00dfe der Welt, um nur zwei Highlights zu nennen. Wissenswertes \u00fcber Reutlingen findest du hier. Beitr\u00e4ge Reutlingen hat so viel zu bieten! Moderne Gro\u00dfstadt, lebendige [&hellip;]<\/p>\n","protected":false},"author":1,"featured_media":0,"parent":0,"menu_order":0,"comment_status":"closed","ping_status":"closed","template":"","meta":{"inline_featured_image":false,"footnotes":""},"class_list":["post-104497","page","type-page","status-publish","hentry"],"_links":{"self":[{"href":"https:\/\/visitreutlingen.de\/fr\/wp-json\/wp\/v2\/pages\/104497","targetHints":{"allow":["GET"]}}],"collection":[{"href":"https:\/\/visitreutlingen.de\/fr\/wp-json\/wp\/v2\/pages"}],"about":[{"href":"https:\/\/visitreutlingen.de\/fr\/wp-json\/wp\/v2\/types\/page"}],"author":[{"embeddable":true,"href":"https:\/\/visitreutlingen.de\/fr\/wp-json\/wp\/v2\/users\/1"}],"replies":[{"embeddable":true,"href":"https:\/\/visitreutlingen.de\/fr\/wp-json\/wp\/v2\/comments?post=104497"}],"version-history":[{"count":0,"href":"https:\/\/visitreutlingen.de\/fr\/wp-json\/wp\/v2\/pages\/104497\/revisions"}],"wp:attachment":[{"href":"https:\/\/visitreutlingen.de\/fr\/wp-json\/wp\/v2\/media?parent=104497"}],"curies":[{"name":"wp","href":"https:\/\/api.w.org\/{rel}","templated":true}]}}